{"id":416,"date":"2013-01-12T13:25:34","date_gmt":"2013-01-12T13:25:34","guid":{"rendered":"http:\/\/ouiouiblog.wordpress.com\/?page_id=416"},"modified":"2015-08-06T15:31:18","modified_gmt":"2015-08-06T15:31:18","slug":"puerta-para-el-ratoncito-perez","status":"publish","type":"page","link":"https:\/\/oui-oui.es\/blog\/puerta-para-el-ratoncito-perez\/","title":{"rendered":"Puertas para el Ratoncito P\u00e9rez"},"content":{"rendered":"<p style=\"text-align: center;\"><a href=\"https:\/\/oui-oui.es\/blog\/wp-content\/uploads\/puertas-para-el-ratoncito-pc3a9rez-oui-oui.jpg\"><img loading=\"lazy\" decoding=\"async\" class=\"aligncenter wp-image-422 size-large\" src=\"https:\/\/oui-oui.es\/blog\/wp-content\/uploads\/puertas-para-el-ratoncito-pc3a9rez-oui-oui-1024x764.jpg\" alt=\"Puertas para el ratoncito P\u00e9rez-Oui Oui\" width=\"1024\" height=\"764\" \/><\/a><\/p>\n<p style=\"text-align: center;\">Sin duda, las <strong>puertas para el ratoncito P\u00e9rez<\/strong> son <strong>parte del alma de Oui<\/strong> <strong>Oui<\/strong>, <strong>nacieron en diciembre de 2012<\/strong> como fruto de una idea casual de mi padre, cuando a\u00fan la tienda no estaba ni abierta. En el mercadillo de <strong>DecorAcci\u00f3n<\/strong> de aqu\u00e9l diciembre <em>nos colamos<\/em> con las primeras cinco puertas para probar si de verdad gustaban a la gente; tuvimos que explicar muchas veces lo que eran y para qu\u00e9 serv\u00edan, pero fueron un \u00e9xito!<strong><br \/>\n<\/strong><\/p>\n<p style=\"text-align: center;\">\u00a0<img loading=\"lazy\" decoding=\"async\" class=\"aligncenter size-full wp-image-2991\" src=\"https:\/\/oui-oui.es\/blog\/wp-content\/uploads\/2013\/01\/Oui-oUi-puerta-ratoncito-perez-con-nombre-victoriana-mint-nutella.jpg\" alt=\"Oui oUi-puerta ratoncito perez con nombre-victoriana mint-nutella\" width=\"736\" height=\"736\" srcset=\"https:\/\/oui-oui.es\/blog\/wp-content\/uploads\/2013\/01\/Oui-oUi-puerta-ratoncito-perez-con-nombre-victoriana-mint-nutella.jpg 736w, https:\/\/oui-oui.es\/blog\/wp-content\/uploads\/2013\/01\/Oui-oUi-puerta-ratoncito-perez-con-nombre-victoriana-mint-nutella-150x150.jpg 150w, https:\/\/oui-oui.es\/blog\/wp-content\/uploads\/2013\/01\/Oui-oUi-puerta-ratoncito-perez-con-nombre-victoriana-mint-nutella-300x300.jpg 300w, https:\/\/oui-oui.es\/blog\/wp-content\/uploads\/2013\/01\/Oui-oUi-puerta-ratoncito-perez-con-nombre-victoriana-mint-nutella-600x600.jpg 600w\" sizes=\"auto, (max-width: 736px) 100vw, 736px\" \/><\/p>\n<p style=\"text-align: center;\">Desde entonces no hemos dejado de hacerlas; <strong>en madera, pintadas y personalizadas a mano<\/strong>, cada <strong>puerta para el ratoncito P\u00e9rez<\/strong> es \u00fanica, pues <strong>puedes personalizarla poniendo un nombre en letras doradas, el n\u00famero de la puerta y buz\u00f3n o aldaba.<\/strong><\/p>\n<style>.eic-frame-2994 { width: 500px; height:500px; background-color: #ffffff; border: 4px solid #ffffff; }.eic-frame-2994 .eic-image { border: 4px solid #ffffff; }<\/style><div class=\"eic-container\"><div class=\"eic-frame eic-frame-2994 eic-frame-4-squares\" data-layout-name=\"4-squares\" data-orig-width=\"500\" data-orig-border=\"4\" data-ratio=\"1\"><div class=\"eic-cols\"><div class=\"eic-col eic-child-1\" style=\"top: 0; bottom: 0; left: 0; right: 50%; width: 50%;\"><div class=\"eic-rows\"><div class=\"eic-row eic-child-1\" style=\"top: 0; left: 0; right: 0; bottom: 50%; height: 50%;\"><div class=\"eic-image eic-image-0\" data-size-x=\"254\" data-size-y=\"254\" data-pos-x=\"0\" data-pos-y=\"0\"><img decoding=\"async\" src=\"https:\/\/oui-oui.es\/blog\/wp-content\/uploads\/2013\/01\/Oui-Oui-puertas-ratocnito-perez-con-nombre-casita-ratocnito-perez-puerta-ratocito-sara-carbonero-300x300.jpg\" style=\"width: 254px !important;height: 254px !important;max-width: none !important;max-height: none !important;position: absolute !important;left: 0px !important;top: 0px !important;padding: 0 !important;margin: 0 !important;border: none !important;\" title=\"Oui Oui-puertas ratocnito perez con nombre-casita ratocnito perez-puerta ratocito sara carbonero\" alt=\"Oui Oui-puertas ratocnito perez con nombre-casita ratocnito perez-puerta ratocito sara carbonero\" \/><\/div><\/div><div class=\"eic-row eic-child-2\" style=\"bottom: 0; left: 0; right: 0; top: 50%; height: 50%;\"><div class=\"eic-image eic-image-2\" data-size-x=\"254\" data-size-y=\"254\" data-pos-x=\"0\" data-pos-y=\"0\"><img decoding=\"async\" src=\"https:\/\/oui-oui.es\/blog\/wp-content\/uploads\/2013\/01\/Oui-Oui-puerta-ratocnito-P\u00e9rez-cl\u00e1sica-verde-c\u00e9sped-con-paleta-de-pintor.jpg\" style=\"width: 254px !important;height: 254px !important;max-width: none !important;max-height: none !important;position: absolute !important;left: 0px !important;top: 0px !important;padding: 0 !important;margin: 0 !important;border: none !important;\" title=\"Oui Oui-puerta ratocnito P\u00e9rez-cl\u00e1sica-verde c\u00e9sped-con paleta de pintor\" alt=\"Oui Oui-puerta ratocnito P\u00e9rez-cl\u00e1sica-verde c\u00e9sped-con paleta de pintor\" \/><\/div><\/div><\/div><\/div><div class=\"eic-col eic-child-2\" style=\"top: 0; bottom: 0; right: 0; left: 50%; width: 50%;\"><div class=\"eic-rows\"><div class=\"eic-row eic-child-1\" style=\"top: 0; left: 0; right: 0; bottom: 50%; height: 50%;\"><div class=\"eic-image eic-image-1\" data-size-x=\"254\" data-size-y=\"254\" data-pos-x=\"0\" data-pos-y=\"0\"><img decoding=\"async\" src=\"https:\/\/oui-oui.es\/blog\/wp-content\/uploads\/2013\/01\/Oui-Oui-puerta-ratoncito-P\u00e9rez-con-nombres.jpg\" style=\"width: 254px !important;height: 254px !important;max-width: none !important;max-height: none !important;position: absolute !important;left: 0px !important;top: 0px !important;padding: 0 !important;margin: 0 !important;border: none !important;\" title=\"Oui Oui-puerta ratoncito P\u00e9rez con nombres\" alt=\"Oui Oui-puerta ratoncito P\u00e9rez con nombres\" \/><\/div><\/div><div class=\"eic-row eic-child-2\" style=\"bottom: 0; left: 0; right: 0; top: 50%; height: 50%;\"><div class=\"eic-image eic-image-4\" data-size-x=\"254\" data-size-y=\"254\" data-pos-x=\"0\" data-pos-y=\"0\"><img decoding=\"async\" src=\"https:\/\/oui-oui.es\/blog\/wp-content\/uploads\/2013\/01\/Oui-Oui-puertas-ratocito-perez-casita-ratoncito-p\u00e9rez-puerta-ratoncito-perez-sara-carbonero-inglesa-naranja.jpg\" style=\"width: 254px !important;height: 254px !important;max-width: none !important;max-height: none !important;position: absolute !important;left: 0px !important;top: 0px !important;padding: 0 !important;margin: 0 !important;border: none !important;\" title=\"Oui Oui-puertas ratocito perez-casita ratoncito p\u00e9rez-puerta ratoncito perez sara carbonero-inglesa naranja\" alt=\"Oui Oui-puertas ratocito perez-casita ratoncito p\u00e9rez-puerta ratoncito perez sara carbonero-inglesa naranja\" \/><\/div><\/div><\/div><\/div><\/div><\/div><\/div>\n<p style=\"text-align: center;\">\n<p style=\"text-align: center;\">Desde el principio nos pareci\u00f3 importante que <strong>el ratoncito entrara a la habitaci\u00f3n por estas puertas m\u00e1gicas<\/strong> y se encontrara con alg\u00fan detallito (adem\u00e1s del diente, claro), por eso tenemos tambi\u00e9n multitud de <a href=\"http:\/\/www.oui-oui.es\/29-puertas-ratoncito-perez\" target=\"_blank\">complementos para el ratoncito P\u00e9rez<\/a>; un queso (que hace mi padre totalmente a mano), unas lecheras por si tiene sed, una cestita para dejar el diente (o unas cajitas mon\u00edsimas para guardarlo tambi\u00e9n), botas de agua en oto\u00f1o y primavera,le\u00f1a y trineo en invierno, hamaca en verano y diversos felpudos todo el a\u00f1o.<\/p>\n<div id=\"attachment_2973\" style=\"width: 1034px\" class=\"wp-caption aligncenter\"><img loading=\"lazy\" decoding=\"async\" aria-describedby=\"caption-attachment-2973\" class=\"size-large wp-image-2973\" src=\"https:\/\/oui-oui.es\/blog\/wp-content\/uploads\/2013\/01\/Oui-Oui-las-aut\u00e9nticas-puertas-del-ratoncito-P\u00e9rez-52-1024x683.jpg\" alt=\"Fotograf\u00eda de Elena Bau\" width=\"1024\" height=\"683\" srcset=\"https:\/\/oui-oui.es\/blog\/wp-content\/uploads\/2013\/01\/Oui-Oui-las-aut\u00e9nticas-puertas-del-ratoncito-P\u00e9rez-52-1024x683.jpg 1024w, https:\/\/oui-oui.es\/blog\/wp-content\/uploads\/2013\/01\/Oui-Oui-las-aut\u00e9nticas-puertas-del-ratoncito-P\u00e9rez-52-300x200.jpg 300w, https:\/\/oui-oui.es\/blog\/wp-content\/uploads\/2013\/01\/Oui-Oui-las-aut\u00e9nticas-puertas-del-ratoncito-P\u00e9rez-52-600x400.jpg 600w\" sizes=\"auto, (max-width: 1024px) 100vw, 1024px\" \/><p id=\"caption-attachment-2973\" class=\"wp-caption-text\">Fotograf\u00eda de Elena Bau<\/p><\/div>\n<p style=\"text-align: center;\">\n<p style=\"text-align: center;\">Las <a href=\"http:\/\/www.oui-oui.es\/29-puertas-ratoncito-perez\" target=\"_blank\"><strong>puertas del ratoncito P\u00e9rez<\/strong><\/a> generalmente se colocan encima del rodapi\u00e9 (para que el ratoncito no tenga que saltar tambi\u00e9n contamos con una escalera hecha a mano 100%).<\/p>\n<div id=\"attachment_2974\" style=\"width: 693px\" class=\"wp-caption aligncenter\"><a href=\"http:\/\/www.oui-oui.es\/29-puertas-ratoncito-perez\"><img loading=\"lazy\" decoding=\"async\" aria-describedby=\"caption-attachment-2974\" class=\"wp-image-2974 size-large\" src=\"https:\/\/oui-oui.es\/blog\/wp-content\/uploads\/2013\/01\/Oui-Oui-las-aut\u00e9nticas-puertas-del-ratoncito-P\u00e9rez-61-683x1024.jpg\" alt=\"Oui Oui-las aut\u00e9nticas puertas del ratoncito P\u00e9rez (61)\" width=\"683\" height=\"1024\" srcset=\"https:\/\/oui-oui.es\/blog\/wp-content\/uploads\/2013\/01\/Oui-Oui-las-aut\u00e9nticas-puertas-del-ratoncito-P\u00e9rez-61-683x1024.jpg 683w, https:\/\/oui-oui.es\/blog\/wp-content\/uploads\/2013\/01\/Oui-Oui-las-aut\u00e9nticas-puertas-del-ratoncito-P\u00e9rez-61-200x300.jpg 200w, https:\/\/oui-oui.es\/blog\/wp-content\/uploads\/2013\/01\/Oui-Oui-las-aut\u00e9nticas-puertas-del-ratoncito-P\u00e9rez-61-600x900.jpg 600w\" sizes=\"auto, (max-width: 683px) 100vw, 683px\" \/><\/a><p id=\"caption-attachment-2974\" class=\"wp-caption-text\">Fotograf\u00eda de Elena Bau<\/p><\/div>\n<p style=\"text-align: center;\">\n<p style=\"text-align: center;\">Pero puedes colocarla <strong>delante del rodapi\u00e9<\/strong><\/p>\n<div id=\"attachment_2975\" style=\"width: 553px\" class=\"wp-caption aligncenter\"><a href=\"http:\/\/www.oui-oui.es\/29-puertas-ratoncito-perez\"><img loading=\"lazy\" decoding=\"async\" aria-describedby=\"caption-attachment-2975\" class=\"wp-image-2975 size-full\" src=\"https:\/\/oui-oui.es\/blog\/wp-content\/uploads\/2013\/01\/Oui-Oui-puerta-victoriana-mint-ACarrillo.jpg\" alt=\"Oui Oui-puerta victoriana mint-ACarrillo\" width=\"543\" height=\"543\" srcset=\"https:\/\/oui-oui.es\/blog\/wp-content\/uploads\/2013\/01\/Oui-Oui-puerta-victoriana-mint-ACarrillo.jpg 543w, https:\/\/oui-oui.es\/blog\/wp-content\/uploads\/2013\/01\/Oui-Oui-puerta-victoriana-mint-ACarrillo-150x150.jpg 150w, https:\/\/oui-oui.es\/blog\/wp-content\/uploads\/2013\/01\/Oui-Oui-puerta-victoriana-mint-ACarrillo-300x300.jpg 300w\" sizes=\"auto, (max-width: 543px) 100vw, 543px\" \/><\/a><p id=\"caption-attachment-2975\" class=\"wp-caption-text\">Puerta del ratoncito para el hijo de Alba Carrillo y Fonsi Nieto<\/p><\/div>\n<p style=\"text-align: center;\">\n<p style=\"text-align: center;\">O <strong>en una estanter\u00eda<\/strong>, pues el ratoncito puede venir de cualquier altura de la pared \ud83d\ude09<\/p>\n<div id=\"attachment_2982\" style=\"width: 490px\" class=\"wp-caption aligncenter\"><a href=\"http:\/\/www.oui-oui.es\/29-puertas-ratoncito-perez\"><img loading=\"lazy\" decoding=\"async\" aria-describedby=\"caption-attachment-2982\" class=\"size-full wp-image-2982\" src=\"https:\/\/oui-oui.es\/blog\/wp-content\/uploads\/2013\/01\/Oui-Oui-puertas-ratoncito-Perez-Navidad-cottonetlavande.jpg\" alt=\"Fotograf\u00eda de @cotonetlevande\" width=\"480\" height=\"480\" srcset=\"https:\/\/oui-oui.es\/blog\/wp-content\/uploads\/2013\/01\/Oui-Oui-puertas-ratoncito-Perez-Navidad-cottonetlavande.jpg 480w, https:\/\/oui-oui.es\/blog\/wp-content\/uploads\/2013\/01\/Oui-Oui-puertas-ratoncito-Perez-Navidad-cottonetlavande-150x150.jpg 150w, https:\/\/oui-oui.es\/blog\/wp-content\/uploads\/2013\/01\/Oui-Oui-puertas-ratoncito-Perez-Navidad-cottonetlavande-300x300.jpg 300w\" sizes=\"auto, (max-width: 480px) 100vw, 480px\" \/><\/a><p id=\"caption-attachment-2982\" class=\"wp-caption-text\">Fotograf\u00eda de @cotonetlevande\u00a0<\/p><\/div>\n<p style=\"text-align: center;\">\n<p style=\"text-align: center;\">Nos encanta hacer <strong>ediciones especiales de las puertas del ratoncito<\/strong>; para conmemorar una festividad, para un restaurante, una tienda&#8230;As\u00ed que si tienes alguna idea que quieras que hagamos realidad <a href=\"http:\/\/www.oui-oui.es\/contactenos\" target=\"_blank\">\u00a1escr\u00edbenos!<\/a><\/p>\n<div id=\"attachment_2986\" style=\"width: 533px\" class=\"wp-caption aligncenter\"><a href=\"http:\/\/www.oui-oui.es\/29-puertas-ratoncito-perez\"><img loading=\"lazy\" decoding=\"async\" aria-describedby=\"caption-attachment-2986\" class=\"wp-image-2986 size-full\" src=\"https:\/\/oui-oui.es\/blog\/wp-content\/uploads\/2013\/01\/Oui-Oui-puerta-ratocnito-P\u00e9rez-farmacia-Lozoya-con-fachada.jpg\" alt=\"Puerta de la farmacia de Lozoya, Madrid\" width=\"523\" height=\"523\" srcset=\"https:\/\/oui-oui.es\/blog\/wp-content\/uploads\/2013\/01\/Oui-Oui-puerta-ratocnito-P\u00e9rez-farmacia-Lozoya-con-fachada.jpg 523w, https:\/\/oui-oui.es\/blog\/wp-content\/uploads\/2013\/01\/Oui-Oui-puerta-ratocnito-P\u00e9rez-farmacia-Lozoya-con-fachada-150x150.jpg 150w, https:\/\/oui-oui.es\/blog\/wp-content\/uploads\/2013\/01\/Oui-Oui-puerta-ratocnito-P\u00e9rez-farmacia-Lozoya-con-fachada-300x300.jpg 300w\" sizes=\"auto, (max-width: 523px) 100vw, 523px\" \/><\/a><p id=\"caption-attachment-2986\" class=\"wp-caption-text\">Puerta e la farmacia de Lozoya, Madrid<\/p><\/div>\n<div id=\"attachment_2976\" style=\"width: 650px\" class=\"wp-caption aligncenter\"><a href=\"http:\/\/www.oui-oui.es\/29-puertas-ratoncito-perez\"><img loading=\"lazy\" decoding=\"async\" aria-describedby=\"caption-attachment-2976\" class=\"size-full wp-image-2976\" src=\"https:\/\/oui-oui.es\/blog\/wp-content\/uploads\/2013\/01\/Oui-Oui-puerta-ratoncito-perez-negra-y-dorada-imagentalia.jpg\" alt=\"Puerta ratoncito P\u00e9rez para la tienda de decoraci\u00f3n Imagentalia, Madrid\" width=\"640\" height=\"640\" srcset=\"https:\/\/oui-oui.es\/blog\/wp-content\/uploads\/2013\/01\/Oui-Oui-puerta-ratoncito-perez-negra-y-dorada-imagentalia.jpg 640w, https:\/\/oui-oui.es\/blog\/wp-content\/uploads\/2013\/01\/Oui-Oui-puerta-ratoncito-perez-negra-y-dorada-imagentalia-150x150.jpg 150w, https:\/\/oui-oui.es\/blog\/wp-content\/uploads\/2013\/01\/Oui-Oui-puerta-ratoncito-perez-negra-y-dorada-imagentalia-300x300.jpg 300w, https:\/\/oui-oui.es\/blog\/wp-content\/uploads\/2013\/01\/Oui-Oui-puerta-ratoncito-perez-negra-y-dorada-imagentalia-600x600.jpg 600w\" sizes=\"auto, (max-width: 640px) 100vw, 640px\" \/><\/a><p id=\"caption-attachment-2976\" class=\"wp-caption-text\">Puerta ratoncito P\u00e9rez para la tienda de decoraci\u00f3n Imagentalia, Madrid<\/p><\/div>\n<div id=\"attachment_2981\" style=\"width: 490px\" class=\"wp-caption aligncenter\"><a href=\"http:\/\/www.oui-oui.es\/29-puertas-ratoncito-perez\"><img loading=\"lazy\" decoding=\"async\" aria-describedby=\"caption-attachment-2981\" class=\"wp-image-2981 size-full\" src=\"https:\/\/oui-oui.es\/blog\/wp-content\/uploads\/2013\/01\/Oui-Oui-puertas-ratoncito-Perez-Navidad.jpg\" alt=\"Oui Oui-puertas ratoncito Perez Navidad\" width=\"480\" height=\"480\" srcset=\"https:\/\/oui-oui.es\/blog\/wp-content\/uploads\/2013\/01\/Oui-Oui-puertas-ratoncito-Perez-Navidad.jpg 480w, https:\/\/oui-oui.es\/blog\/wp-content\/uploads\/2013\/01\/Oui-Oui-puertas-ratoncito-Perez-Navidad-150x150.jpg 150w, https:\/\/oui-oui.es\/blog\/wp-content\/uploads\/2013\/01\/Oui-Oui-puertas-ratoncito-Perez-Navidad-300x300.jpg 300w\" sizes=\"auto, (max-width: 480px) 100vw, 480px\" \/><\/a><p id=\"caption-attachment-2981\" class=\"wp-caption-text\">Puerta del ratoncito P\u00e9rez decorada de Navidad<\/p><\/div>\n<div id=\"attachment_2972\" style=\"width: 650px\" class=\"wp-caption aligncenter\"><a href=\"http:\/\/www.oui-oui.es\/29-puertas-ratoncito-perez\"><img loading=\"lazy\" decoding=\"async\" aria-describedby=\"caption-attachment-2972\" class=\"wp-image-2972 size-full\" src=\"https:\/\/oui-oui.es\/blog\/wp-content\/uploads\/2013\/01\/Oui-Oui-puerta-ratoncito-P\u00e9rez-Orgullo-Gay.jpg\" alt=\"Oui Oui-puerta ratoncito P\u00e9rez Orgullo Gay\" width=\"640\" height=\"640\" srcset=\"https:\/\/oui-oui.es\/blog\/wp-content\/uploads\/2013\/01\/Oui-Oui-puerta-ratoncito-P\u00e9rez-Orgullo-Gay.jpg 640w, https:\/\/oui-oui.es\/blog\/wp-content\/uploads\/2013\/01\/Oui-Oui-puerta-ratoncito-P\u00e9rez-Orgullo-Gay-150x150.jpg 150w, https:\/\/oui-oui.es\/blog\/wp-content\/uploads\/2013\/01\/Oui-Oui-puerta-ratoncito-P\u00e9rez-Orgullo-Gay-300x300.jpg 300w, https:\/\/oui-oui.es\/blog\/wp-content\/uploads\/2013\/01\/Oui-Oui-puerta-ratoncito-P\u00e9rez-Orgullo-Gay-600x600.jpg 600w\" sizes=\"auto, (max-width: 640px) 100vw, 640px\" \/><\/a><p id=\"caption-attachment-2972\" class=\"wp-caption-text\">Puerta para celebrar el D\u00eda del Orgullo Gay 2015<\/p><\/div>\n<div id=\"attachment_2971\" style=\"width: 553px\" class=\"wp-caption aligncenter\"><a href=\"http:\/\/www.oui-oui.es\/29-puertas-ratoncito-perez\"><img loading=\"lazy\" decoding=\"async\" aria-describedby=\"caption-attachment-2971\" class=\"wp-image-2971 size-full\" src=\"https:\/\/oui-oui.es\/blog\/wp-content\/uploads\/2013\/01\/Oui-Oui-Puerta-ratoncito-P\u00e9rez-Hallooween.jpg\" alt=\"Oui Oui-Puerta ratoncito P\u00e9rez Hallooween\" width=\"543\" height=\"543\" srcset=\"https:\/\/oui-oui.es\/blog\/wp-content\/uploads\/2013\/01\/Oui-Oui-Puerta-ratoncito-P\u00e9rez-Hallooween.jpg 543w, https:\/\/oui-oui.es\/blog\/wp-content\/uploads\/2013\/01\/Oui-Oui-Puerta-ratoncito-P\u00e9rez-Hallooween-150x150.jpg 150w, https:\/\/oui-oui.es\/blog\/wp-content\/uploads\/2013\/01\/Oui-Oui-Puerta-ratoncito-P\u00e9rez-Hallooween-300x300.jpg 300w\" sizes=\"auto, (max-width: 543px) 100vw, 543px\" \/><\/a><p id=\"caption-attachment-2971\" class=\"wp-caption-text\">Puerta para el ratocnito P\u00e9rez en Halloween<\/p><\/div>\n<p>&nbsp;<\/p>\n<div id=\"attachment_2970\" style=\"width: 650px\" class=\"wp-caption aligncenter\"><a href=\"http:\/\/www.oui-oui.es\/29-puertas-ratoncito-perez\"><img loading=\"lazy\" decoding=\"async\" aria-describedby=\"caption-attachment-2970\" class=\"wp-image-2970 size-full\" src=\"https:\/\/oui-oui.es\/blog\/wp-content\/uploads\/2013\/01\/oUI-oUI-OUERTA-RATONCITO-PEREZ-SHERLOCK-HOLMES-baker-street.jpg\" alt=\"oUI oUI-OUERTA RATONCITO PEREZ-SHERLOCK HOLMES-baker street\" width=\"640\" height=\"640\" srcset=\"https:\/\/oui-oui.es\/blog\/wp-content\/uploads\/2013\/01\/oUI-oUI-OUERTA-RATONCITO-PEREZ-SHERLOCK-HOLMES-baker-street.jpg 640w, https:\/\/oui-oui.es\/blog\/wp-content\/uploads\/2013\/01\/oUI-oUI-OUERTA-RATONCITO-PEREZ-SHERLOCK-HOLMES-baker-street-150x150.jpg 150w, https:\/\/oui-oui.es\/blog\/wp-content\/uploads\/2013\/01\/oUI-oUI-OUERTA-RATONCITO-PEREZ-SHERLOCK-HOLMES-baker-street-300x300.jpg 300w, https:\/\/oui-oui.es\/blog\/wp-content\/uploads\/2013\/01\/oUI-oUI-OUERTA-RATONCITO-PEREZ-SHERLOCK-HOLMES-baker-street-600x600.jpg 600w\" sizes=\"auto, (max-width: 640px) 100vw, 640px\" \/><\/a><p id=\"caption-attachment-2970\" class=\"wp-caption-text\">Puerta de Sherlock Holmes<\/p><\/div>\n<div id=\"attachment_2969\" style=\"width: 489px\" class=\"wp-caption aligncenter\"><a href=\"http:\/\/www.oui-oui.es\/29-puertas-ratoncito-perez\"><img loading=\"lazy\" decoding=\"async\" aria-describedby=\"caption-attachment-2969\" class=\"size-full wp-image-2969\" src=\"https:\/\/oui-oui.es\/blog\/wp-content\/uploads\/2013\/01\/Oui-Oui-edicion-especial-puerta-ratocnito-P\u00e9rez-San-Isidro-puerta-chulapa.jpg\" alt=\"Puerta del ratoncito P\u00e9rez del d\u00eda de San Isidro\" width=\"479\" height=\"479\" srcset=\"https:\/\/oui-oui.es\/blog\/wp-content\/uploads\/2013\/01\/Oui-Oui-edicion-especial-puerta-ratocnito-P\u00e9rez-San-Isidro-puerta-chulapa.jpg 479w, https:\/\/oui-oui.es\/blog\/wp-content\/uploads\/2013\/01\/Oui-Oui-edicion-especial-puerta-ratocnito-P\u00e9rez-San-Isidro-puerta-chulapa-150x150.jpg 150w, https:\/\/oui-oui.es\/blog\/wp-content\/uploads\/2013\/01\/Oui-Oui-edicion-especial-puerta-ratocnito-P\u00e9rez-San-Isidro-puerta-chulapa-300x300.jpg 300w\" sizes=\"auto, (max-width: 479px) 100vw, 479px\" \/><\/a><p id=\"caption-attachment-2969\" class=\"wp-caption-text\">Puerta del ratoncito P\u00e9rez del d\u00eda de San Isidro<\/p><\/div>\n<p style=\"text-align: center;\">\n<p style=\"text-align: center;\">Si quieres encargar una <strong>puerta del ratoncito P\u00e9rez personalizada<\/strong>, puedes hacerlo <a href=\"http:\/\/www.oui-oui.es\/29-puertas-ratoncito-perez\" target=\"_blank\"><strong>aqu\u00ed<\/strong> <\/a>\u00a1enviamos a todo el mundo!<\/p>\n<p style=\"text-align: center;\">\n<div id=\"attachment_2978\" style=\"width: 650px\" class=\"wp-caption aligncenter\"><a href=\"http:\/\/www.oui-oui.es\/29-puertas-ratoncito-perez\"><img loading=\"lazy\" decoding=\"async\" aria-describedby=\"caption-attachment-2978\" class=\"size-full wp-image-2978\" src=\"https:\/\/oui-oui.es\/blog\/wp-content\/uploads\/2013\/01\/Oui-Oui-puerta-ratoncito-perez-washitape-clarabmartin.jpg\" alt=\"Fotograf\u00eda de @clarabmartin\" width=\"640\" height=\"640\" srcset=\"https:\/\/oui-oui.es\/blog\/wp-content\/uploads\/2013\/01\/Oui-Oui-puerta-ratoncito-perez-washitape-clarabmartin.jpg 640w, https:\/\/oui-oui.es\/blog\/wp-content\/uploads\/2013\/01\/Oui-Oui-puerta-ratoncito-perez-washitape-clarabmartin-150x150.jpg 150w, https:\/\/oui-oui.es\/blog\/wp-content\/uploads\/2013\/01\/Oui-Oui-puerta-ratoncito-perez-washitape-clarabmartin-300x300.jpg 300w, https:\/\/oui-oui.es\/blog\/wp-content\/uploads\/2013\/01\/Oui-Oui-puerta-ratoncito-perez-washitape-clarabmartin-600x600.jpg 600w\" sizes=\"auto, (max-width: 640px) 100vw, 640px\" \/><\/a><p id=\"caption-attachment-2978\" class=\"wp-caption-text\">Fotograf\u00eda de @clarabmartin<\/p><\/div>\n<p style=\"text-align: center;\">Adem\u00e1s, las puertas para el ratoncito P\u00e9rez van envueltas en un maravilloso packaging, con una tarjeta que cuenta su historia y una bonita caja!<\/p>\n<div id=\"attachment_2995\" style=\"width: 1034px\" class=\"wp-caption aligncenter\"><a href=\"http:\/\/www.oui-oui.es\/29-puertas-ratoncito-perezhttp:\/\/\"><img loading=\"lazy\" decoding=\"async\" aria-describedby=\"caption-attachment-2995\" class=\"size-large wp-image-2995\" src=\"https:\/\/oui-oui.es\/blog\/wp-content\/uploads\/2013\/01\/Dibujo-acuarela-Oui-Oui-.-Ratoncito-P\u00e9rez-5-1024x678.jpg\" alt=\"Dise\u00f1o, montaje y fotograf\u00eda de Save the Date Projects\" width=\"1024\" height=\"678\" srcset=\"https:\/\/oui-oui.es\/blog\/wp-content\/uploads\/2013\/01\/Dibujo-acuarela-Oui-Oui-.-Ratoncito-P\u00e9rez-5-1024x678.jpg 1024w, https:\/\/oui-oui.es\/blog\/wp-content\/uploads\/2013\/01\/Dibujo-acuarela-Oui-Oui-.-Ratoncito-P\u00e9rez-5-300x199.jpg 300w, https:\/\/oui-oui.es\/blog\/wp-content\/uploads\/2013\/01\/Dibujo-acuarela-Oui-Oui-.-Ratoncito-P\u00e9rez-5-600x397.jpg 600w\" sizes=\"auto, (max-width: 1024px) 100vw, 1024px\" \/><\/a><p id=\"caption-attachment-2995\" class=\"wp-caption-text\">Dise\u00f1o, montaje y fotograf\u00eda de Save the Date Projects<\/p><\/div>\n<p style=\"text-align: center;\">Por cierto, para los amigos de las ideas ajenas&#8230;<strong>Tenemos registrado tanto la propiedad intelectual como la patente<\/strong>, as\u00ed que \u00a1ojo!<\/p>\n<p style=\"text-align: center;\">\n","protected":false},"excerpt":{"rendered":"<p>Sin duda, las puertas para el ratoncito P\u00e9rez son parte del alma de Oui Oui, nacieron en diciembre de 2012 como fruto de una idea casual de mi padre, cuando a\u00fan la tienda no estaba ni abierta. En el mercadillo de DecorAcci\u00f3n de aqu\u00e9l diciembre nos colamos con las primeras cinco puertas para probar si [&hellip;]<\/p>\n","protected":false},"author":1,"featured_media":422,"parent":0,"menu_order":0,"comment_status":"open","ping_status":"closed","template":"","meta":{"jetpack_post_was_ever_published":false,"footnotes":""},"class_list":["post-416","page","type-page","status-publish","has-post-thumbnail","hentry"],"aioseo_notices":[],"jetpack_sharing_enabled":true,"jetpack-related-posts":[{"id":2902,"url":"https:\/\/oui-oui.es\/blog\/quienes-somos\/","url_meta":{"origin":416,"position":0},"title":"Qui\u00e9nes somos","author":"Mar\u00eda \u2665Oui Oui\u2665","date":"5 agosto, 2015","format":false,"excerpt":"","rel":"","context":"Entrada similar","block_context":{"text":"Entrada similar","link":""},"img":{"alt_text":"","src":"","width":0,"height":0},"classes":[]},{"id":2900,"url":"https:\/\/oui-oui.es\/blog\/partners\/","url_meta":{"origin":416,"position":1},"title":"Partners","author":"Mar\u00eda \u2665Oui Oui\u2665","date":"5 agosto, 2015","format":false,"excerpt":"Escribiendo desde 2008 sobre temas de lifestyle, me encanta conocer marcas y proyectos nuevos, especialmente de temas de decoraci\u00f3n, gastro,bodas y fiestas, viajes y, por supuesto; de ni\u00f1os. Si crees que tu marca, negocio o producto cuadra con mi estilo de vida y con el del blog y te apetece\u2026","rel":"","context":"Entrada similar","block_context":{"text":"Entrada similar","link":""},"img":{"alt_text":"","src":"https:\/\/i0.wp.com\/oui-oui.es\/blog\/wp-content\/uploads\/2015\/08\/LuciaMphoto15_AireLOEWE_058.jpg?resize=350%2C200&ssl=1","width":350,"height":200,"srcset":"https:\/\/i0.wp.com\/oui-oui.es\/blog\/wp-content\/uploads\/2015\/08\/LuciaMphoto15_AireLOEWE_058.jpg?resize=350%2C200&ssl=1 1x, https:\/\/i0.wp.com\/oui-oui.es\/blog\/wp-content\/uploads\/2015\/08\/LuciaMphoto15_AireLOEWE_058.jpg?resize=525%2C300&ssl=1 1.5x, https:\/\/i0.wp.com\/oui-oui.es\/blog\/wp-content\/uploads\/2015\/08\/LuciaMphoto15_AireLOEWE_058.jpg?resize=700%2C400&ssl=1 2x, https:\/\/i0.wp.com\/oui-oui.es\/blog\/wp-content\/uploads\/2015\/08\/LuciaMphoto15_AireLOEWE_058.jpg?resize=1050%2C600&ssl=1 3x, https:\/\/i0.wp.com\/oui-oui.es\/blog\/wp-content\/uploads\/2015\/08\/LuciaMphoto15_AireLOEWE_058.jpg?resize=1400%2C800&ssl=1 4x"},"classes":[]},{"id":27,"url":"https:\/\/oui-oui.es\/blog\/about\/","url_meta":{"origin":416,"position":2},"title":"Oui Oui","author":"Mar\u00eda \u2665Oui Oui\u2665","date":"4 julio, 2012","format":false,"excerpt":"Me llamo Mar\u00eda, desde siempre disfrut\u00e9 ayudando a amigos en la b\u00fasqueda del regalo id\u00f3neo para cada ocasi\u00f3n, con la organizaci\u00f3n y decoraci\u00f3n de momentos (desde una cena en pareja hasta una boda) o con recomendaciones gastron\u00f3micas. En un principio canalic\u00e9 esa afici\u00f3n creando el blog Superfluo Imprescindible y volcando\u2026","rel":"","context":"Con 8 comentarios","block_context":{"text":"Con 8 comentarios","link":"https:\/\/oui-oui.es\/blog\/about\/#comments"},"img":{"alt_text":"","src":"https:\/\/i0.wp.com\/oui-oui.es\/blog\/wp-content\/uploads\/marc3ada-gijc3b3n-oui-oui-tocado.jpg?resize=350%2C200&ssl=1","width":350,"height":200,"srcset":"https:\/\/i0.wp.com\/oui-oui.es\/blog\/wp-content\/uploads\/marc3ada-gijc3b3n-oui-oui-tocado.jpg?resize=350%2C200&ssl=1 1x, https:\/\/i0.wp.com\/oui-oui.es\/blog\/wp-content\/uploads\/marc3ada-gijc3b3n-oui-oui-tocado.jpg?resize=525%2C300&ssl=1 1.5x, https:\/\/i0.wp.com\/oui-oui.es\/blog\/wp-content\/uploads\/marc3ada-gijc3b3n-oui-oui-tocado.jpg?resize=700%2C400&ssl=1 2x"},"classes":[]}],"_links":{"self":[{"href":"https:\/\/oui-oui.es\/blog\/wp-json\/wp\/v2\/pages\/416","targetHints":{"allow":["GET"]}}],"collection":[{"href":"https:\/\/oui-oui.es\/blog\/wp-json\/wp\/v2\/pages"}],"about":[{"href":"https:\/\/oui-oui.es\/blog\/wp-json\/wp\/v2\/types\/page"}],"author":[{"embeddable":true,"href":"https:\/\/oui-oui.es\/blog\/wp-json\/wp\/v2\/users\/1"}],"replies":[{"embeddable":true,"href":"https:\/\/oui-oui.es\/blog\/wp-json\/wp\/v2\/comments?post=416"}],"version-history":[{"count":3,"href":"https:\/\/oui-oui.es\/blog\/wp-json\/wp\/v2\/pages\/416\/revisions"}],"predecessor-version":[{"id":2996,"href":"https:\/\/oui-oui.es\/blog\/wp-json\/wp\/v2\/pages\/416\/revisions\/2996"}],"wp:featuredmedia":[{"embeddable":true,"href":"https:\/\/oui-oui.es\/blog\/wp-json\/wp\/v2\/media\/422"}],"wp:attachment":[{"href":"https:\/\/oui-oui.es\/blog\/wp-json\/wp\/v2\/media?parent=416"}],"curies":[{"name":"wp","href":"https:\/\/api.w.org\/{rel}","templated":true}]}}